{"id":76,"date":"2017-10-02T01:09:59","date_gmt":"2017-10-01T23:09:59","guid":{"rendered":"http:\/\/aurelielefebvre.com\/?page_id=76"},"modified":"2025-02-03T17:58:33","modified_gmt":"2025-02-03T16:58:33","slug":"temoignages","status":"publish","type":"page","link":"https:\/\/aurelielefebvre.com\/index.php\/temoignages\/","title":{"rendered":"T\u00e9moignages"},"content":{"rendered":"<p><em>\u00ab\u00a0Aur\u00e9lie est une personne douce, patiente et \u00e0 l&rsquo;\u00e9coute. Elle prend le temps de comprendre et de ressentir nos \u00e9motions. Elle m&rsquo;a aid\u00e9 dans une p\u00e9riode de ma vie qui \u00e9tait compliqu\u00e9e. Ses ressentis sont justes et m&rsquo;ont aid\u00e9 \u00e0 comprendre la situation dans laquelle je me trouvais. Sa bienveillance m&rsquo;a permis de me livrer en toute confiance. Je ne peux que confirmer que tout ce qu&rsquo;elle m&rsquo;a dit \u00e9tait juste et s&rsquo;est produit. Elle n&rsquo;h\u00e9sitera pas \u00e0 \u00eatre honn\u00eate en toute circonstance mais toujours avec sagesse. Merci pour ton aide pr\u00e9cieuse dans ces moments difficiles.\u00a0\u00bb\u00a0 C<\/em><\/p>\n<p><em>\u00ab\u00a0Je suis vraiment contente d&rsquo;avoir fait ce cours de colorim\u00e9trie et de maquillage avec toi, j&rsquo;adorais vraiment mettre du noir sur mes yeux persuad\u00e9e que \u00e7a m&rsquo;allait bien, mais \u00e0 force de mettre mes couleurs ( gamme de chaud), j&rsquo;ai essay\u00e9 de remettre du maquillage noir une fois et quelle horreur ! \u00e7a ne me va pas du tout ! Ce n&rsquo;est plus moi ! Je regarde mes photos et je confirme&#8230;c&rsquo;\u00e9tait moche&#8230;maintenant je me sens plus rayonnante et mon mari aime bien que demander de plus ? Merci beaucoup !\u00a0\u00bb <\/em><br \/>\nA.<\/p>\n<p><em>\u00ab\u00a0J&rsquo;ai<span class=\"UFICommentBody _1n4g\">\u00a0particip\u00e9 \u00e0 un de ses ateliers et je suis enchant\u00e9e!<br \/>\nAccueil sympa, patience et conseils, j&rsquo;ai pass\u00e9 une excellente et tr\u00e8s agr\u00e9able apr\u00e8s midi.<br \/>\nMerci Aur\u00e9lie! Je recommande vivement une petite visite dans votre atelier\u00a0\u00bb<br \/>\n<\/span><\/em><span class=\"UFICommentBody _1n4g\">Sylvia T.<\/span><\/p>\n<p><em>\u00ab\u00a0Agr\u00e9able moment avec une belle personne. J&rsquo;ai pris un cours de maquillage avec Aur\u00e9lie. Elle donne des conseils adapt\u00e9s \u00e0 mon type de peau et \u00e0 mes couleurs avec plein d&rsquo;astuces en plus. La marque couleur caramel qu&rsquo;elle utilise, est vraiment tr\u00e8s bien. Je ressors du cours avec un maquillage qui me correspond et me met en valeur. J&rsquo;ai ador\u00e9\u00a0\u00bb<\/em><br \/>\nEmilie P.<\/p>\n<p><em>\u00ab\u00a0J&rsquo;ai \u00e9t\u00e9 totalement bluff\u00e9e par le don d&rsquo;Aur\u00e9lie&#8230; Elle est non seulement passionn\u00e9e mais aussi \u00e0 l&rsquo;\u00e9coute, patiente et pleine d&rsquo;entrain !\u00a0\u00bb<\/em><br \/>\nStephanie G.<\/p>\n<p><em>\u00ab\u00a0Je suis all\u00e9e chez Aur\u00e9lie car je voulais trouver les couleurs qui me mettent en valeurs et je n&rsquo;ai pas \u00e9t\u00e9 d\u00e9\u00e7ue. Apr\u00e8s quelques tests on a trouv\u00e9 mes couleurs, et ayant un teint tr\u00e8s p\u00e2le je sais combien c&rsquo;est difficile de trouver des couleurs adapt\u00e9es. Mais finalement on a trouv\u00e9 ! Elle m&rsquo;a tout bien expliqu\u00e9, comment rep\u00e9rer les bonnes teintes pour moi qui suis plut\u00f4t argent etc. Je m&rsquo;habille le plus souvent en noir de peur que les autres couleurs ne m&rsquo;aillent pas et l\u00e0 j<span class=\"text_exposed_show\">e vais enfin pouvoir oser les couleurs !<\/span><\/em><\/p>\n<div class=\"text_exposed_show\">\n<p><em>Ensuite elle m&rsquo;a pr\u00e9sent\u00e9 ses produits qui sont naturels et bon pour la peau contrairement \u00e0 ce qu&rsquo;on peut trouver dans les magasins normaux. Elle m&rsquo;a montr\u00e9 comment me maquiller et elle m&rsquo;a parl\u00e9 de ses diff\u00e9rents produits que je trouve vraiment sympa.<\/em><\/p>\n<p><em>Non seulement Aur\u00e9lie est dou\u00e9e mais en plus elle est vraiment tr\u00e8s gentille et a l&rsquo;\u00e9coute ce qui fait que les 3 heures qu&rsquo;on a pass\u00e9 ensemble ont fil\u00e9 \u00e0 toute allure. Je vous conseille vraiment d&rsquo;y aller vous ne serez pas d\u00e9\u00e7ues !! Merci beaucoup Aur\u00e9lie !\u00a0\u00bb<\/em><br \/>\nH\u00e9l\u00e8na G.<\/p>\n<\/div>\n<p><em>\u00ab\u00a0Apr\u00e8s avoir gal\u00e9r\u00e9 pendant des ann\u00e9es pour m&rsquo;habiller, j&rsquo;ai pris rendez-vous avec Aur\u00e9lie pour qu&rsquo;elle m&rsquo;explique et me conseille. J\u2019ai opt\u00e9 pour la formule de couleurs et de style, je ne suis pas dou\u00e9e en v\u00eatements, j\u2019\u00e9tais un peu perdue, en plus j&rsquo;avais quelques complexes. Gr\u00e2ce aux conseils d&rsquo;Aur\u00e9lie j&rsquo;ai pu conna\u00eetre les couleurs qui me vont et adapter les v\u00eatements suivant ma morphologie, depuis les magasins n\u2019ont plus de secret pour moi ! Je me sens mieux, un tout grand merci \u00e0 toi .\u00a0\u00bb<\/em><br \/>\n<em> Steph S.<\/em><\/p>\n<p><em>\u00ab\u00a0Je vais commencer par vous dire tout simplement que \u00e7a a \u00e9t\u00e9 une chouette exp\u00e9rience, au d\u00e9but je ne savais pas \u00e0 quoi m&rsquo;attendre ni de quoi \u00e7a allait en d\u00e9couler. Maintenant que j&rsquo;ai fait le conseil en image dans sa totalit\u00e9, je vois plus clair. Je trouve vraiment int\u00e9ressant de pouvoir aider les gens \u00e0 se trouver et \u00e0 s&rsquo;approprier un style gr\u00e2ce \u00e0 ce travail rigoureux et pr\u00e9cis. J&rsquo;ai \u00e9t\u00e9 surprise par beaucoup de choses et j&rsquo;ai ador\u00e9 la pr\u00e9cision et la motivation d&rsquo;Aur\u00e9lie face \u00e0 ce travail. Je ne manquerai pas d&rsquo;y penser et de le mettre en pratique lors de mes prochains shoppings !\u00a0\u00bb<\/em><br \/>\n<em>Laura R.<\/em><\/p>\n<p><em>\u00ab\u00a0J&rsquo;ai particip\u00e9 \u00e0 un de ses ateliers et c&rsquo;\u00e9tait vraiment TOP ! On en ressort avec pleins d&rsquo;id\u00e9es, on sait vers quelles couleurs s&rsquo;orienter, quels soins choisir&#8230; Merci Aur\u00e9lie pour tout ce partage ! Je recommande vivement !\u00a0\u00bb <\/em><br \/>\n<em>Nath B.<\/em><\/p>\n<p><em>\u00ab\u00a0Tr\u00e8s gentille, explique tr\u00e8s bien les choses, tr\u00e8s professionnelle, prends le temps pour conseiller au mieux. \u00c0 recommander sans h\u00e9sitation.\u00a0\u00bb<\/em><br \/>\n<em>J\u00e9r\u00f4me H.<\/em><\/p>\n<p><em>\u00ab\u00a0Gr\u00e2ce \u00e0 Aur\u00e9lie, j&rsquo;ai trouv\u00e9 les couleurs et les formes qui me mettent en valeur, aussi bien en v\u00eatements qu&rsquo;en accessoires et en maquillage, suivant mon teint et ma morphologie. Nous avons ensuite fait le tri de ma garde-robe, et elle m&rsquo;a accompagn\u00e9e en shopping.<\/em><br \/>\n<em>J&rsquo;ai \u00e9galement particip\u00e9 \u00e0 un atelier soin de la peau o\u00f9, avec professionnalisme et aussi beaucoup d&rsquo;humour, Aur\u00e9lie nous a inform\u00e9es de la fa\u00e7on correcte de se d\u00e9maquiller et o\u00f9 nous avons pu tester un masque tout doux. Merci Aur\u00e9lie pour tous tes conseils et ton suivi ! \u00ab\u00a0<\/em><br \/>\nPat D.<\/p>\n<p><em>\u00ab\u00a0Je suis all\u00e9e au rendez-vous pour mieux connaitre ma peau et savoir ce que je devais exactement utiliser comme produits. Au final je suis sortie de l\u00e0 avec encore plus de conseils pour ma peau mais pas seulement, elle est encore all\u00e9e plus loin dans ce que je d\u00e9sirais pour d&rsquo;autre chose.<\/em><br \/>\n<em>Elle m&rsquo;a motiv\u00e9e et depuis que j&rsquo;ai \u00e9cout\u00e9 ses conseils je me sens tellement mieux !<\/em> <em>Apr\u00e8s le rendez-vous, elle vous suit et vous donne d&rsquo;autre conseils qui pourrait vous aider.<\/em> <em>Je vous conseille vivement d&rsquo;aller la voir, elle est g\u00e9niale !!!!<\/em><br \/>\n<em>Merci Aur\u00e9lie.\u00a0\u00bb<\/em><br \/>\nCindy C.<\/p>\n<p><em>\u00ab\u00a0Une professionnelle mais aussi une personne \u00e0 l\u2019\u00e9coute des d\u00e9sirs des clientes et l\u00e0 pour nous orienter au mieux dans notre d\u00e9marche. J\u2019ai eu l\u2019occasion d\u2019assister \u00e0 une premi\u00e8re d\u00e9mo de produits de maquillage et soin de visage et Aur\u00e9lie conna\u00eet son job et le faire avec bcp de passion, de professionnalisme et de sympathie. Que vouloir de plus. Je n\u2019oubliais j\u2019ai aussi fait appel \u00e0 elle a domicile afin qu&rsquo;elle me fasse un joli maquillage de soir\u00e9e et j\u2019ai \u00e9t\u00e9 conquise. Bref, contactez-la et vous ne le regretterai pas.\u00a0\u00bb<\/em><br \/>\nVal\u00e9rie M.<\/p>\n","protected":false},"excerpt":{"rendered":"<p>\u00ab\u00a0Aur\u00e9lie est une personne douce, patiente et \u00e0 l&rsquo;\u00e9coute. Elle prend le temps de comprendre et de ressentir nos \u00e9motions. Elle m&rsquo;a aid\u00e9 dans une p\u00e9riode de ma vie qui \u00e9tait compliqu\u00e9e. Ses ressentis sont justes et m&rsquo;ont aid\u00e9 \u00e0 comprendre la situation dans laquelle je me trouvais. Sa bienveillance m&rsquo;a permis de me livrer&hellip; <\/p>\n<p class=\"toivo-read-more\"><a href=\"https:\/\/aurelielefebvre.com\/index.php\/temoignages\/\" class=\"more-link\">Lire la suite <span class=\"screen-reader-text\">T\u00e9moignages<\/span><\/a><\/p>\n","protected":false},"author":1,"featured_media":0,"parent":0,"menu_order":8,"comment_status":"closed","ping_status":"closed","template":"","meta":{"footnotes":""},"_links":{"self":[{"href":"https:\/\/aurelielefebvre.com\/index.php\/wp-json\/wp\/v2\/pages\/76"}],"collection":[{"href":"https:\/\/aurelielefebvre.com\/index.php\/wp-json\/wp\/v2\/pages"}],"about":[{"href":"https:\/\/aurelielefebvre.com\/index.php\/wp-json\/wp\/v2\/types\/page"}],"author":[{"embeddable":true,"href":"https:\/\/aurelielefebvre.com\/index.php\/wp-json\/wp\/v2\/users\/1"}],"replies":[{"embeddable":true,"href":"https:\/\/aurelielefebvre.com\/index.php\/wp-json\/wp\/v2\/comments?post=76"}],"version-history":[{"count":21,"href":"https:\/\/aurelielefebvre.com\/index.php\/wp-json\/wp\/v2\/pages\/76\/revisions"}],"predecessor-version":[{"id":582,"href":"https:\/\/aurelielefebvre.com\/index.php\/wp-json\/wp\/v2\/pages\/76\/revisions\/582"}],"wp:attachment":[{"href":"https:\/\/aurelielefebvre.com\/index.php\/wp-json\/wp\/v2\/media?parent=76"}],"curies":[{"name":"wp","href":"https:\/\/api.w.org\/{rel}","templated":true}]}}